{"version":"1.0","provider_name":"Amnesty International","provider_url":"https:\/\/www.amnesty.org\/fr","title":"Accueillons les r\u00e9fugi\u00e9s y\u00e9m\u00e9nites sur l'\u00eele touristique sud-cor\u00e9enne non pas avec hostilit\u00e9, mais avec hospitalit\u00e9","type":"rich","width":600,"height":338,"html":"<blockquote class=\"wp-embedded-content\" data-secret=\"uRN4gcxJvj\"><a href=\"https:\/\/www.amnesty.org\/fr\/latest\/news\/2018\/09\/yemeni-refugees-on-south-korea-jeju\/\">Accueillons les r\u00e9fugi\u00e9s y\u00e9m\u00e9nites sur l&rsquo;\u00eele touristique sud-cor\u00e9enne non pas avec hostilit\u00e9, mais avec hospitalit\u00e9<\/a><\/blockquote><iframe sandbox=\"allow-scripts\" security=\"restricted\" src=\"https:\/\/www.amnesty.org\/fr\/latest\/news\/2018\/09\/yemeni-refugees-on-south-korea-jeju\/embed\/#?secret=uRN4gcxJvj\" width=\"600\" height=\"338\" title=\"\u00ab\u00a0Accueillons les r\u00e9fugi\u00e9s y\u00e9m\u00e9nites sur l&rsquo;\u00eele touristique sud-cor\u00e9enne non pas avec hostilit\u00e9, mais avec hospitalit\u00e9\u00a0\u00bb &#8212; Amnesty International\" data-secret=\"uRN4gcxJvj\" frameborder=\"0\" marginwidth=\"0\" marginheight=\"0\" scrolling=\"no\" class=\"wp-embedded-content\"><\/iframe><script>\n\/*! This file is auto-generated *\/\n!function(d,l){\"use strict\";l.querySelector&&d.addEventListener&&\"undefined\"!=typeof URL&&(d.wp=d.wp||{},d.wp.receiveEmbedMessage||(d.wp.receiveEmbedMessage=function(e){var t=e.data;if((t||t.secret||t.message||t.value)&&!\/[^a-zA-Z0-9]\/.test(t.secret)){for(var s,r,n,a=l.querySelectorAll('iframe[data-secret=\"'+t.secret+'\"]'),o=l.querySelectorAll('blockquote[data-secret=\"'+t.secret+'\"]'),c=new RegExp(\"^https?:$\",\"i\"),i=0;i<o.length;i++)o[i].style.display=\"none\";for(i=0;i<a.length;i++)s=a[i],e.source===s.contentWindow&&(s.removeAttribute(\"style\"),\"height\"===t.message?(1e3<(r=parseInt(t.value,10))?r=1e3:~~r<200&&(r=200),s.height=r):\"link\"===t.message&&(r=new URL(s.getAttribute(\"src\")),n=new URL(t.value),c.test(n.protocol))&&n.host===r.host&&l.activeElement===s&&(d.top.location.href=t.value))}},d.addEventListener(\"message\",d.wp.receiveEmbedMessage,!1),l.addEventListener(\"DOMContentLoaded\",function(){for(var e,t,s=l.querySelectorAll(\"iframe.wp-embedded-content\"),r=0;r<s.length;r++)(t=(e=s[r]).getAttribute(\"data-secret\"))||(t=Math.random().toString(36).substring(2,12),e.src+=\"#?secret=\"+t,e.setAttribute(\"data-secret\",t)),e.contentWindow.postMessage({message:\"ready\",secret:t},\"*\")},!1)))}(window,document);\n<\/script>\n","thumbnail_url":"https:\/\/www.amnesty.org\/fr\/wp-content\/uploads\/2021\/06\/gettyimages-159287186-1.jpg","thumbnail_width":594,"thumbnail_height":393,"description":"Chaque ann\u00e9e, des millions de visiteurs d\u00e9barquent sur la magnifique \u00eele de Jeju, site touristique populaire au large de la c\u00f4te sud de la Cor\u00e9e du Sud. Parmi eux cette ann\u00e9e, quelques centaines de Y\u00e9m\u00e9nites, dont des enfants. &nbsp; \u00c0 la diff\u00e9rence de la plupart des touristes arrivant sur cette \u00eele pittoresque, ces ressortissants du [&hellip;]"}